{"id":195,"date":"2018-01-05T11:34:17","date_gmt":"2018-01-05T11:34:17","guid":{"rendered":"http:\/\/korder.org\/?page_id=195"},"modified":"2018-01-05T11:34:17","modified_gmt":"2018-01-05T11:34:17","slug":"amacimiz","status":"publish","type":"page","link":"http:\/\/korder.org\/index.php\/amacimiz\/","title":{"rendered":"Amac\u0131m\u0131z"},"content":{"rendered":"<p>1998 y\u0131l\u0131nda kurulan KORDER\u2019in amac\u0131, k\u00fclt\u00fcr varl\u0131klar\u0131n\u0131n korunmas\u0131 konusunda \u00e7al\u0131\u015fan Koruma ve Restorasyon Uzmanlar\u0131\u2019n\u0131n mesleki, k\u00fclt\u00fcrel ve sosyal gereksinimlerini kar\u015f\u0131lamakt\u0131r.<\/p>\n<p>Bu \u00e7er\u00e7evede KORDER, T\u00fcrkiye\u2019de k\u00fclt\u00fcr ve tabiat varl\u0131klar\u0131n\u0131n korunmas\u0131 ile ilgili hizmetlerin sa\u011flanmas\u0131nda; \u00fcyelerinin hukuki haklar\u0131n\u0131n korunmas\u0131 ve geli\u015ftirilmesinin yan\u0131 s\u0131ra k\u00fclt\u00fcr varl\u0131klar\u0131n\u0131n korunmas\u0131 i\u00e7in kamu bilincinin olu\u015fturulmas\u0131 ve geli\u015ftirilmesine y\u00f6nelik farkl\u0131 nitelik ve kapsamlardaki \u00e7al\u0131\u015fmalar\u0131 desteklemeyi ve gerekti\u011finde ilgili merkezi ve yerel yetkilileri uyararak, \u00fclkemizde koruma alan\u0131n\u0131n geli\u015ftirilmesini sa\u011flamay\u0131 ama\u00e7lar.<\/p>\n<p>Bu ama\u00e7lara ba\u011fl\u0131 olarak KORDER\u2019in faaliyetleri:<\/p>\n<ol>\n<li>Koruma ve Restorasyon Uzmanlar\u0131n\u0131n her t\u00fcrl\u00fc mesleki haklar\u0131n\u0131n korunmas\u0131 ve savunulmas\u0131 i\u00e7in gerekli hukuki, sosyal, k\u00fclt\u00fcrel ve ekonomik faaliyetleri izlemek, \u00e7a\u011fda\u015f \u00f6l\u00e7\u00fctlere uygun bi\u00e7imde tan\u0131mlanmas\u0131n\u0131 ve y\u00fcr\u00fct\u00fclmesini sa\u011flamak,<\/li>\n<li>Koruma ve Restorasyon Uzman\u0131 e\u011fitimi veren kurumlarla i\u015fbirli\u011fi kurarak, \u00f6\u011frencilerin gelecekte mesleklerine uyumlar\u0131n\u0131 sa\u011flamaya y\u00f6nelik ara\u015ft\u0131rma ve etkinlikler yapmak,<\/li>\n<li>T\u00fcrkiye\u2019de, k\u00fclt\u00fcr ve tabiat varl\u0131klar\u0131n\u0131n korunmas\u0131na y\u00f6nelik s\u00fcre\u00e7 ve uygulamalar\u0131 ara\u015ft\u0131rarak konuyla ilgili g\u00f6r\u00fc\u015f ve de\u011ferlendirmeler yapmak; de\u011ferlendirmelerini ba\u015fta meslek alan\u0131 mensuplar\u0131 olmak \u00fczere, ilgili merkezi ve\/veya yerel yetkililer ve kamuoyuna duyurmak,<\/li>\n<li>T\u00fcrkiye\u2019de, k\u00fclt\u00fcr ve tabiat varl\u0131klar\u0131n\u0131n korunmas\u0131 i\u00e7in bilimsel inceleme ve ara\u015ft\u0131rmalar yapmak, yap\u0131lmas\u0131n\u0131 desteklemek, yapt\u0131rmak ve bu alandaki geli\u015fmeleri ba\u015fta meslek alan\u0131 mensuplar\u0131 olmak \u00fczere, ilgili merkezi ve\/veya yerel yetkililer ve kamuoyuna tan\u0131tmak \u00fczere yay\u0131nlar yapmak,<\/li>\n<li>Ama\u00e7lar\u0131na uygun olarak her t\u00fcrl\u00fc bilimsel toplant\u0131 ve g\u00f6steriler yapmak, yar\u0131\u015fmalar d\u00fczenlemek, \u00f6d\u00fcller vermek,<\/li>\n<li>Bas\u0131n-yay\u0131n ve televizyon gibi her t\u00fcrl\u00fc kitle ileti\u015fim ara\u00e7lar\u0131 yoluyla T\u00fcrkiye\u2019de, k\u00fclt\u00fcr ve tabiat varl\u0131klar\u0131n\u0131n korunmas\u0131na y\u00f6nelik faaliyetlerin, kamuoyunca izlenmesini sa\u011flamak ve te\u015fvik etmek \u00fczere \u00e7al\u0131\u015fma ve etkinlikler tan\u0131mlamak ve ger\u00e7ekle\u015ftirmek,<\/li>\n<li>T\u00fcrkiye\u2019de, k\u00fclt\u00fcr ve tabiat varl\u0131klar\u0131n\u0131n korunmas\u0131na y\u00f6nelik \u00e7al\u0131\u015fmalar\u0131n desteklenmesini sa\u011flamak \u00fczere \u00f6zel ve t\u00fczel kurum ve kurulu\u015flarla ortak etkinlikler tan\u0131mlamak ve bunlar\u0131n ger\u00e7ekle\u015ftirilmesinde katk\u0131 sa\u011flamak,<\/li>\n<li>Ulusal ve uluslararas\u0131 d\u00fczeyde T\u00fcrkiye&#8217;de ki k\u00fclt\u00fcr ve tabiat varl\u0131klar\u0131n\u0131n tan\u0131t\u0131lmas\u0131 ve korunmas\u0131 i\u00e7in bilgi, g\u00f6rg\u00fc ve anlay\u0131\u015f\u0131 art\u0131rmaya y\u00f6nelik etkinlik ve \u00e7al\u0131\u015fmalar yapmak,<\/li>\n<li>Ama\u00e7lar\u0131na uygun olarak etkinlik ger\u00e7ekle\u015ftiren ulusal ve uluslararas\u0131 \u00f6zel ve t\u00fczel kurulu\u015flarla i\u015fbirli\u011fi yapmak, bu ba\u011flamda ulusal ve uluslararas\u0131 benzer mesleki kurulu\u015flara ger\u00e7ekle\u015ftirilecek \u00e7al\u0131\u015fma ve etkinliklere Genel Kurul karar\u0131 ile kat\u0131lmak,<\/li>\n<li>Derne\u011fin ama\u00e7lar\u0131 do\u011frultusunda \u00fcye ve ilgili ki\u015filer aras\u0131 ileti\u015fim ve dayan\u0131\u015fmay\u0131 sa\u011flamak \u00fczere mek\u00e2n ve donan\u0131ma y\u00f6nelik altyap\u0131y\u0131 sa\u011flamak, sa\u011flanacak altyap\u0131y\u0131 i\u015fletmek veya i\u015flettirmek,<\/li>\n<li>Ama\u00e7lar\u0131na uygun olarak etkinlik ger\u00e7ekle\u015ftirmek \u00fczere Vak\u0131f kurmak, bu vakfa gayrimenkul ve menkullerini tahsis etmektir.<\/li>\n<\/ol>\n","protected":false},"excerpt":{"rendered":"<p>1998 y\u0131l\u0131nda kurulan KORDER\u2019in amac\u0131, k\u00fclt\u00fcr varl\u0131klar\u0131n\u0131n korunmas\u0131 konusunda \u00e7al\u0131\u015fan Koruma ve Restorasyon Uzmanlar\u0131\u2019n\u0131n mesleki, k\u00fclt\u00fcrel ve sosyal gereksinimlerini kar\u015f\u0131lamakt\u0131r. Bu \u00e7er\u00e7evede KORDER, T\u00fcrkiye\u2019de k\u00fclt\u00fcr ve tabiat varl\u0131klar\u0131n\u0131n korunmas\u0131 ile ilgili hizmetlerin sa\u011flanmas\u0131nda; \u00fcyelerinin hukuki haklar\u0131n\u0131n korunmas\u0131 ve geli\u015ftirilmesinin yan\u0131 s\u0131ra k\u00fclt\u00fcr varl\u0131klar\u0131n\u0131n korunmas\u0131 i\u00e7in kamu bilincinin olu\u015fturulmas\u0131 ve geli\u015ftirilmesine y\u00f6nelik farkl\u0131 nitelik ve kapsamlardaki [&hellip;]<\/p>\n","protected":false},"author":2,"featured_media":0,"parent":0,"menu_order":0,"comment_status":"closed","ping_status":"closed","template":"","meta":{"jetpack_post_was_ever_published":false},"jetpack_sharing_enabled":true,"jetpack_shortlink":"https:\/\/wp.me\/P9N5vd-39","_links":{"self":[{"href":"http:\/\/korder.org\/index.php\/wp-json\/wp\/v2\/pages\/195"}],"collection":[{"href":"http:\/\/korder.org\/index.php\/wp-json\/wp\/v2\/pages"}],"about":[{"href":"http:\/\/korder.org\/index.php\/wp-json\/wp\/v2\/types\/page"}],"author":[{"embeddable":true,"href":"http:\/\/korder.org\/index.php\/wp-json\/wp\/v2\/users\/2"}],"replies":[{"embeddable":true,"href":"http:\/\/korder.org\/index.php\/wp-json\/wp\/v2\/comments?post=195"}],"version-history":[{"count":1,"href":"http:\/\/korder.org\/index.php\/wp-json\/wp\/v2\/pages\/195\/revisions"}],"predecessor-version":[{"id":197,"href":"http:\/\/korder.org\/index.php\/wp-json\/wp\/v2\/pages\/195\/revisions\/197"}],"wp:attachment":[{"href":"http:\/\/korder.org\/index.php\/wp-json\/wp\/v2\/media?parent=195"}],"curies":[{"name":"wp","href":"https:\/\/api.w.org\/{rel}","templated":true}]}}